{"id":1434,"date":"2020-02-04T02:30:04","date_gmt":"2020-02-04T01:30:04","guid":{"rendered":"https:\/\/absolwent.uek.krakow.pl\/?page_id=1434"},"modified":"2021-06-01T16:32:26","modified_gmt":"2021-06-01T14:32:26","slug":"aktualnosci","status":"publish","type":"page","link":"https:\/\/absolwent.uek.krakow.pl\/?page_id=1434","title":{"rendered":"Aktualno\u015bci"},"content":{"rendered":"<div class=\"fusion-fullwidth fullwidth-box fusion-builder-row-1 fusion-flex-container fusion-parallax-none nonhundred-percent-fullwidth non-hundred-percent-height-scrolling\" style=\"--awb-background-position:left top;--awb-border-radius-top-left:0px;--awb-border-radius-top-right:0px;--awb-border-radius-bottom-right:0px;--awb-border-radius-bottom-left:0px;--awb-padding-top:60px;--awb-padding-bottom:60px;--awb-margin-top:0px;--awb-margin-bottom:0px;--awb-background-image:url(&quot;https:\/\/absolwent.uek.krakow.pl\/wp-content\/uploads\/2020\/02\/bgr-bordo-super-light.jpg&quot;);--awb-background-size:cover;--awb-flex-wrap:wrap;\" ><div class=\"fusion-builder-row fusion-row fusion-flex-align-items-flex-start fusion-flex-content-wrap\" style=\"max-width:1144px;margin-left: calc(-4% \/ 2 );margin-right: calc(-4% \/ 2 );\"><div class=\"fusion-layout-column fusion_builder_column fusion-builder-column-0 fusion_builder_column_1_1 1_1 fusion-flex-column\" style=\"--awb-bg-size:cover;--awb-width-large:100%;--awb-margin-top-large:0px;--awb-spacing-right-large:1.92%;--awb-margin-bottom-large:20px;--awb-spacing-left-large:1.92%;--awb-width-medium:100%;--awb-spacing-right-medium:1.92%;--awb-spacing-left-medium:1.92%;--awb-width-small:100%;--awb-spacing-right-small:1.92%;--awb-spacing-left-small:1.92%;\"><div class=\"fusion-column-wrapper fusion-column-has-shadow fusion-flex-justify-content-flex-start fusion-content-layout-column\"><div class=\"fusion-blog-shortcode fusion-blog-shortcode-1 fusion-blog-archive fusion-blog-layout-medium fusion-blog-pagination\"><div class=\"fusion-posts-container fusion-posts-container-pagination fusion-blog-rollover\" data-pages=\"3\"><article id=\"blog-1-post-2299\" class=\"fusion-post-medium post-2299 post type-post status-publish format-standard has-post-thumbnail hentry category-aktualnosci\">\n\t<style type=\"text\/css\">\n\t\t\n\t\t\n\t\t\n\t\t\n\t\t\t<\/style>\n\n\n\t\t\t<div class=\"fusion-flexslider flexslider fusion-flexslider-loading fusion-post-slideshow\" style=\"\">\n\t\t<ul class=\"slides\">\n\t\t\t\n\t\t\t\t\t\t\t\t\t\t\t\t\t\t<li><div  class=\"fusion-image-wrapper fusion-image-size-fixed\" aria-haspopup=\"true\">\n\t\t\t\t<img decoding=\"async\" width=\"320\" height=\"202\" src=\"https:\/\/absolwent.uek.krakow.pl\/wp-content\/uploads\/2023\/05\/absolwent-kondolencje-320x202.webp\" class=\"attachment-blog-medium size-blog-medium wp-post-image\" alt=\"\" srcset=\"https:\/\/absolwent.uek.krakow.pl\/wp-content\/uploads\/2023\/05\/absolwent-kondolencje-320x202.webp 320w, https:\/\/absolwent.uek.krakow.pl\/wp-content\/uploads\/2023\/05\/absolwent-kondolencje-700x441.webp 700w\" sizes=\"(max-width: 320px) 100vw, 320px\" \/><div class=\"fusion-rollover\">\n\t<div class=\"fusion-rollover-content\">\n\n\t\t\t\t\t\t\t\t\t\t\t\t\t\t<a class=\"fusion-rollover-link\" href=\"https:\/\/absolwent.uek.krakow.pl\/?p=2299\">Panu Profesorowi Mariuszowi Andrzejewskiemu<\/a>\n\t\t\t\n\t\t\t\t\t\t\t\t\t\t\t\t\t\t\n\t\t\t\t\t\t\t\t\n\t\t\t\t\t\t\t\t\t\t\t\t\t<div class=\"fusion-rollover-sep\"><\/div>\n\t\t\t\t\n\t\t\t\t\t\t\t\t\t\t\t\t\t\t\t\t\t\t<a class=\"fusion-rollover-gallery\" href=\"https:\/\/absolwent.uek.krakow.pl\/wp-content\/uploads\/2023\/05\/absolwent-kondolencje.webp\" data-options=\"\" data-id=\"2299\" data-rel=\"iLightbox[gallery]\" data-title=\"absolwent-kondolencje\" data-caption=\"\">\n\t\t\t\t\t\tGallery\t\t\t\t\t<\/a>\n\t\t\t\t\t\t\t\t\t\t\t\t\t\t\n\t\t\n\t\t\t\t\t\t\t\t\n\t\t\t\t\t\t\t\t\n\t\t\n\t\t\t\t\t\t<a class=\"fusion-link-wrapper\" href=\"https:\/\/absolwent.uek.krakow.pl\/?p=2299\" aria-label=\"Panu Profesorowi Mariuszowi Andrzejewskiemu\"><\/a>\n\t<\/div>\n<\/div>\n<\/div>\n<\/li>\n\t\t\t\n\t\t\t\n\t\t\t\t\t\t\t\t\t\t\t\t\t\t\t\t\t\t\t\t\t\t\t\t\t\t\t\t\t\t\t\t\t\t\t\t\t\t\t\t\t\t\t\t\t\t\t\t\t\t\t\t\t\t\t\t\t\t\t\t\t\t\t\t\t\t\t\t<\/ul>\n\t<\/div>\n\t<div class=\"fusion-post-content post-content\"><h2 class=\"blog-shortcode-post-title entry-title\"><a href=\"https:\/\/absolwent.uek.krakow.pl\/?p=2299\">Panu Profesorowi Mariuszowi Andrzejewskiemu<\/a><\/h2><div class=\"fusion-post-content-container\"><p> Panu Profesorowi Mariuszowi Andrzejewskiemu, Cz\u0142onkowi Stowarzyszenia Absolwent\u00f3w Uniwersytetu Ekonomicznego w Krakowie wyrazy szczerego \u017calu i\u00a0g\u0142\u0119bokiego wsp\u00f3\u0142czucia z\u00a0powodu \u015bmierci Syna sk\u0142ada  \u00a0 \u00a0 \u00a0 \u00a0 \u00a0 \u00a0 \u00a0 \u00a0 \u00a0 \u00a0 \u00a0 \u00a0 \u00a0 \u00a0 \u00a0 \u00a0 \u00a0 \u00a0 [...]<\/p><\/div><\/div><div class=\"fusion-clearfix\"><\/div><div class=\"fusion-meta-info\"><span class=\"vcard\" style=\"display: none;\"><span class=\"fn\"><a href=\"https:\/\/absolwent.uek.krakow.pl\/?author=4\" title=\"Wpisy od Jarek\" rel=\"author\">Jarek<\/a><\/span><\/span><span class=\"updated\" style=\"display:none;\">2026-04-29T14:58:07+02:00<\/span><div class=\"fusion-alignright\"><a class=\"fusion-read-more\" href=\"https:\/\/absolwent.uek.krakow.pl\/?p=2299\" aria-label=\"More on Panu Profesorowi Mariuszowi Andrzejewskiemu\">Czytaj dalej<\/a><\/div><\/div><\/article>\n<article id=\"blog-1-post-2284\" class=\"fusion-post-medium post-2284 post type-post status-publish format-standard has-post-thumbnail hentry category-aktualnosci\">\n\t<style type=\"text\/css\">\n\t\t\n\t\t\n\t\t\n\t\t\n\t\t\t<\/style>\n\n\n\t\t\t<div class=\"fusion-flexslider flexslider fusion-flexslider-loading fusion-post-slideshow\" style=\"\">\n\t\t<ul class=\"slides\">\n\t\t\t\n\t\t\t\t\t\t\t\t\t\t\t\t\t\t<li><div  class=\"fusion-image-wrapper fusion-image-size-fixed\" aria-haspopup=\"true\">\n\t\t\t\t<img decoding=\"async\" width=\"320\" height=\"202\" src=\"https:\/\/absolwent.uek.krakow.pl\/wp-content\/uploads\/2026\/03\/home-zjazd-absolwentow-320x202.webp\" class=\"attachment-blog-medium size-blog-medium wp-post-image\" alt=\"\" srcset=\"https:\/\/absolwent.uek.krakow.pl\/wp-content\/uploads\/2026\/03\/home-zjazd-absolwentow-320x202.webp 320w, https:\/\/absolwent.uek.krakow.pl\/wp-content\/uploads\/2026\/03\/home-zjazd-absolwentow-700x441.webp 700w\" sizes=\"(max-width: 320px) 100vw, 320px\" \/><div class=\"fusion-rollover\">\n\t<div class=\"fusion-rollover-content\">\n\n\t\t\t\t\t\t\t\t\t\t\t\t\t\t<a class=\"fusion-rollover-link\" href=\"https:\/\/absolwent.uek.krakow.pl\/?p=2284\">Program \u2013 Zjazd Absolwent\u00f3w UEK<\/a>\n\t\t\t\n\t\t\t\t\t\t\t\t\t\t\t\t\t\t\n\t\t\t\t\t\t\t\t\n\t\t\t\t\t\t\t\t\t\t\t\t\t<div class=\"fusion-rollover-sep\"><\/div>\n\t\t\t\t\n\t\t\t\t\t\t\t\t\t\t\t\t\t\t\t\t\t\t<a class=\"fusion-rollover-gallery\" href=\"https:\/\/absolwent.uek.krakow.pl\/wp-content\/uploads\/2026\/03\/home-zjazd-absolwentow.webp\" data-options=\"\" data-id=\"2284\" data-rel=\"iLightbox[gallery]\" data-title=\"home-zjazd-absolwentow\" data-caption=\"\">\n\t\t\t\t\t\tGallery\t\t\t\t\t<\/a>\n\t\t\t\t\t\t\t\t\t\t\t\t\t\t\n\t\t\n\t\t\t\t\t\t\t\t\n\t\t\t\t\t\t\t\t\n\t\t\n\t\t\t\t\t\t<a class=\"fusion-link-wrapper\" href=\"https:\/\/absolwent.uek.krakow.pl\/?p=2284\" aria-label=\"Program \u2013 Zjazd Absolwent\u00f3w UEK\"><\/a>\n\t<\/div>\n<\/div>\n<\/div>\n<\/li>\n\t\t\t\n\t\t\t\n\t\t\t\t\t\t\t\t\t\t\t\t\t\t\t\t\t\t\t\t\t\t\t\t\t\t\t\t\t\t\t\t\t\t\t\t\t\t\t\t\t\t\t\t\t\t\t\t\t\t\t\t\t\t\t\t\t\t\t\t\t\t\t\t\t\t\t\t<\/ul>\n\t<\/div>\n\t<div class=\"fusion-post-content post-content\"><h2 class=\"blog-shortcode-post-title entry-title\"><a href=\"https:\/\/absolwent.uek.krakow.pl\/?p=2284\">Program \u2013 Zjazd Absolwent\u00f3w UEK<\/a><\/h2><div class=\"fusion-post-content-container\"><p>Zarz\u0105d Stowarzyszenia Absolwent\u00f3w Uniwersytetu Ekonomicznego w Krakowie zaprasza na Absolwenckie Wydarzenie, rozpoczynaj\u0105ce Nowe 100 - lecie Uczelni, czyli Zjazd Absolwent\u00f3w pod has\u0142em: \" Wsp\u00f3lne korzenie, r\u00f3\u017cne drogi\" w dniu 20 czerwca 2026 r. <\/p><\/div><\/div><div class=\"fusion-clearfix\"><\/div><div class=\"fusion-meta-info\"><span class=\"vcard\" style=\"display: none;\"><span class=\"fn\"><a href=\"https:\/\/absolwent.uek.krakow.pl\/?author=4\" title=\"Wpisy od Jarek\" rel=\"author\">Jarek<\/a><\/span><\/span><span class=\"updated\" style=\"display:none;\">2026-04-22T14:51:48+02:00<\/span><div class=\"fusion-alignright\"><a class=\"fusion-read-more\" href=\"https:\/\/absolwent.uek.krakow.pl\/?p=2284\" aria-label=\"More on Program \u2013 Zjazd Absolwent\u00f3w UEK\">Czytaj dalej<\/a><\/div><\/div><\/article>\n<article id=\"blog-1-post-2258\" class=\"fusion-post-medium post-2258 post type-post status-publish format-standard has-post-thumbnail hentry category-aktualnosci\">\n\t<style type=\"text\/css\">\n\t\t\n\t\t\n\t\t\n\t\t\n\t\t\t<\/style>\n\n\n\t\t\t<div class=\"fusion-flexslider flexslider fusion-flexslider-loading fusion-post-slideshow\" style=\"\">\n\t\t<ul class=\"slides\">\n\t\t\t\n\t\t\t\t\t\t\t\t\t\t\t\t\t\t<li><div  class=\"fusion-image-wrapper fusion-image-size-fixed\" aria-haspopup=\"true\">\n\t\t\t\t<img decoding=\"async\" width=\"320\" height=\"202\" src=\"https:\/\/absolwent.uek.krakow.pl\/wp-content\/uploads\/2026\/03\/home-zjazd-absolwentow-320x202.webp\" class=\"attachment-blog-medium size-blog-medium wp-post-image\" alt=\"\" srcset=\"https:\/\/absolwent.uek.krakow.pl\/wp-content\/uploads\/2026\/03\/home-zjazd-absolwentow-320x202.webp 320w, https:\/\/absolwent.uek.krakow.pl\/wp-content\/uploads\/2026\/03\/home-zjazd-absolwentow-700x441.webp 700w\" sizes=\"(max-width: 320px) 100vw, 320px\" \/><div class=\"fusion-rollover\">\n\t<div class=\"fusion-rollover-content\">\n\n\t\t\t\t\t\t\t\t\t\t\t\t\t\t<a class=\"fusion-rollover-link\" href=\"https:\/\/absolwent.uek.krakow.pl\/?p=2258\">Zjazd Absolwent\u00f3w Uniwersytetu Ekonomicznego w Krakowie<\/a>\n\t\t\t\n\t\t\t\t\t\t\t\t\t\t\t\t\t\t\n\t\t\t\t\t\t\t\t\n\t\t\t\t\t\t\t\t\t\t\t\t\t<div class=\"fusion-rollover-sep\"><\/div>\n\t\t\t\t\n\t\t\t\t\t\t\t\t\t\t\t\t\t\t\t\t\t\t<a class=\"fusion-rollover-gallery\" href=\"https:\/\/absolwent.uek.krakow.pl\/wp-content\/uploads\/2026\/03\/home-zjazd-absolwentow.webp\" data-options=\"\" data-id=\"2258\" data-rel=\"iLightbox[gallery]\" data-title=\"home-zjazd-absolwentow\" data-caption=\"\">\n\t\t\t\t\t\tGallery\t\t\t\t\t<\/a>\n\t\t\t\t\t\t\t\t\t\t\t\t\t\t\n\t\t\n\t\t\t\t\t\t\t\t\n\t\t\t\t\t\t\t\t\n\t\t\n\t\t\t\t\t\t<a class=\"fusion-link-wrapper\" href=\"https:\/\/absolwent.uek.krakow.pl\/?p=2258\" aria-label=\"Zjazd Absolwent\u00f3w Uniwersytetu Ekonomicznego w Krakowie\"><\/a>\n\t<\/div>\n<\/div>\n<\/div>\n<\/li>\n\t\t\t\n\t\t\t\n\t\t\t\t\t\t\t\t\t\t\t\t\t\t\t\t\t\t\t\t\t\t\t\t\t\t\t\t\t\t\t\t\t\t\t\t\t\t\t\t\t\t\t\t\t\t\t\t\t\t\t\t\t\t\t\t\t\t\t\t\t\t\t\t\t\t\t\t<\/ul>\n\t<\/div>\n\t<div class=\"fusion-post-content post-content\"><h2 class=\"blog-shortcode-post-title entry-title\"><a href=\"https:\/\/absolwent.uek.krakow.pl\/?p=2258\">Zjazd Absolwent\u00f3w Uniwersytetu Ekonomicznego w Krakowie<\/a><\/h2><div class=\"fusion-post-content-container\"><p>Stowarzyszenie Absolwent\u00f3w UEK zaplanowa\u0142o Zjazd Absolwent\u00f3w w roku 2026, czyli Roku  rozpoczynaj\u0105cym Nowe 100 - lecie Uczelni. W uzgodnieniu z Jego Magnificencj\u0105 Rektorem, dr hab. Bernardem Zi\u0119bickim, prof. UEK, dniem tym b\u0119dzie 20. czerwca 2026 roku (sobota).<\/p><\/div><\/div><div class=\"fusion-clearfix\"><\/div><div class=\"fusion-meta-info\"><span class=\"vcard\" style=\"display: none;\"><span class=\"fn\"><a href=\"https:\/\/absolwent.uek.krakow.pl\/?author=4\" title=\"Wpisy od Jarek\" rel=\"author\">Jarek<\/a><\/span><\/span><span class=\"updated\" style=\"display:none;\">2026-04-22T14:56:34+02:00<\/span><div class=\"fusion-alignright\"><a class=\"fusion-read-more\" href=\"https:\/\/absolwent.uek.krakow.pl\/?p=2258\" aria-label=\"More on Zjazd Absolwent\u00f3w Uniwersytetu Ekonomicznego w Krakowie\">Czytaj dalej<\/a><\/div><\/div><\/article>\n<article id=\"blog-1-post-2162\" class=\"fusion-post-medium post-2162 post type-post status-publish format-standard has-post-thumbnail hentry category-aktualnosci\">\n\t<style type=\"text\/css\">\n\t\t\n\t\t\n\t\t\n\t\t\n\t\t\t<\/style>\n\n\n\t\t\t<div class=\"fusion-flexslider flexslider fusion-flexslider-loading fusion-post-slideshow\" style=\"\">\n\t\t<ul class=\"slides\">\n\t\t\t\n\t\t\t\t\t\t\t\t\t\t\t\t\t\t<li><div  class=\"fusion-image-wrapper fusion-image-size-fixed\" aria-haspopup=\"true\">\n\t\t\t\t<img decoding=\"async\" width=\"320\" height=\"202\" src=\"https:\/\/absolwent.uek.krakow.pl\/wp-content\/uploads\/2025\/12\/bal-blekitny-wyrozniajacy-320x202.webp\" class=\"attachment-blog-medium size-blog-medium wp-post-image\" alt=\"\" srcset=\"https:\/\/absolwent.uek.krakow.pl\/wp-content\/uploads\/2025\/12\/bal-blekitny-wyrozniajacy-320x202.webp 320w, https:\/\/absolwent.uek.krakow.pl\/wp-content\/uploads\/2025\/12\/bal-blekitny-wyrozniajacy-700x441.webp 700w\" sizes=\"(max-width: 320px) 100vw, 320px\" \/><div class=\"fusion-rollover\">\n\t<div class=\"fusion-rollover-content\">\n\n\t\t\t\t\t\t\t\t\t\t\t\t\t\t<a class=\"fusion-rollover-link\" href=\"https:\/\/absolwent.uek.krakow.pl\/?p=2162\">Bal B\u0142\u0119kitny 2026 \u2013 wiecz\u00f3r pe\u0142en blasku, muzyki, wspomnie\u0144 i Wielkich Serc<\/a>\n\t\t\t\n\t\t\t\t\t\t\t\t\t\t\t\t\t\t\n\t\t\t\t\t\t\t\t\n\t\t\t\t\t\t\t\t\t\t\t\t\t<div class=\"fusion-rollover-sep\"><\/div>\n\t\t\t\t\n\t\t\t\t\t\t\t\t\t\t\t\t\t\t\t\t\t\t<a class=\"fusion-rollover-gallery\" href=\"https:\/\/absolwent.uek.krakow.pl\/wp-content\/uploads\/2025\/12\/bal-blekitny-wyrozniajacy.webp\" data-options=\"\" data-id=\"2162\" data-rel=\"iLightbox[gallery]\" data-title=\"bal-blekitny-wyrozniajacy\" data-caption=\"\">\n\t\t\t\t\t\tGallery\t\t\t\t\t<\/a>\n\t\t\t\t\t\t\t\t\t\t\t\t\t\t\n\t\t\n\t\t\t\t\t\t\t\t\n\t\t\t\t\t\t\t\t\n\t\t\n\t\t\t\t\t\t<a class=\"fusion-link-wrapper\" href=\"https:\/\/absolwent.uek.krakow.pl\/?p=2162\" aria-label=\"Bal B\u0142\u0119kitny 2026 \u2013 wiecz\u00f3r pe\u0142en blasku, muzyki, wspomnie\u0144 i Wielkich Serc\"><\/a>\n\t<\/div>\n<\/div>\n<\/div>\n<\/li>\n\t\t\t\n\t\t\t\n\t\t\t\t\t\t\t\t\t\t\t\t\t\t\t\t\t\t\t\t\t\t\t\t\t\t\t\t\t\t\t\t\t\t\t\t\t\t\t\t\t\t\t\t\t\t\t\t\t\t\t\t\t\t\t\t\t\t\t\t\t\t\t\t\t\t\t\t<\/ul>\n\t<\/div>\n\t<div class=\"fusion-post-content post-content\"><h2 class=\"blog-shortcode-post-title entry-title\"><a href=\"https:\/\/absolwent.uek.krakow.pl\/?p=2162\">Bal B\u0142\u0119kitny 2026 \u2013 wiecz\u00f3r pe\u0142en blasku, muzyki, wspomnie\u0144 i Wielkich Serc<\/a><\/h2><div class=\"fusion-post-content-container\"><p>Mro\u017ana noc z 23 na 24 stycznia 2026 roku by\u0142a gor\u0105ca w sercach i duszy uczestnik\u00f3w Balu B\u0142\u0119kitnego 2026 w Hotelu Galaxy w Krakowie, organizowanego przez Stowarzyszenie Absolwent\u00f3w Uniwersytetu Ekonomicznego w Krakowie, pod patronatem i w obecno\u015bci JM Rektora UEK dr. hab. Bernarda Zi\u0119bickiego, prof. UEK.<\/p><\/div><\/div><div class=\"fusion-clearfix\"><\/div><div class=\"fusion-meta-info\"><span class=\"vcard\" style=\"display: none;\"><span class=\"fn\"><a href=\"https:\/\/absolwent.uek.krakow.pl\/?author=4\" title=\"Wpisy od Jarek\" rel=\"author\">Jarek<\/a><\/span><\/span><span class=\"updated\" style=\"display:none;\">2026-01-27T11:07:17+01:00<\/span><div class=\"fusion-alignright\"><a class=\"fusion-read-more\" href=\"https:\/\/absolwent.uek.krakow.pl\/?p=2162\" aria-label=\"More on Bal B\u0142\u0119kitny 2026 \u2013 wiecz\u00f3r pe\u0142en blasku, muzyki, wspomnie\u0144 i Wielkich Serc\">Czytaj dalej<\/a><\/div><\/div><\/article>\n<article id=\"blog-1-post-2078\" class=\"fusion-post-medium post-2078 post type-post status-publish format-standard has-post-thumbnail hentry category-aktualnosci\">\n\t<style type=\"text\/css\">\n\t\t\n\t\t\n\t\t\n\t\t\n\t\t\t<\/style>\n\n\n\t\t\t<div class=\"fusion-flexslider flexslider fusion-flexslider-loading fusion-post-slideshow\" style=\"\">\n\t\t<ul class=\"slides\">\n\t\t\t\n\t\t\t\t\t\t\t\t\t\t\t\t\t\t<li><div  class=\"fusion-image-wrapper fusion-image-size-fixed\" aria-haspopup=\"true\">\n\t\t\t\t<img decoding=\"async\" width=\"320\" height=\"202\" src=\"https:\/\/absolwent.uek.krakow.pl\/wp-content\/uploads\/2025\/12\/bal-blekitny-wyrozniajacy-320x202.webp\" class=\"attachment-blog-medium size-blog-medium wp-post-image\" alt=\"\" srcset=\"https:\/\/absolwent.uek.krakow.pl\/wp-content\/uploads\/2025\/12\/bal-blekitny-wyrozniajacy-320x202.webp 320w, https:\/\/absolwent.uek.krakow.pl\/wp-content\/uploads\/2025\/12\/bal-blekitny-wyrozniajacy-700x441.webp 700w\" sizes=\"(max-width: 320px) 100vw, 320px\" \/><div class=\"fusion-rollover\">\n\t<div class=\"fusion-rollover-content\">\n\n\t\t\t\t\t\t\t\t\t\t\t\t\t\t<a class=\"fusion-rollover-link\" href=\"https:\/\/absolwent.uek.krakow.pl\/?p=2078\">B\u0142\u0119kitny Bal Absolwent\u00f3w Uniwersytetu Ekonomicznego w Krakowie<\/a>\n\t\t\t\n\t\t\t\t\t\t\t\t\t\t\t\t\t\t\n\t\t\t\t\t\t\t\t\n\t\t\t\t\t\t\t\t\t\t\t\t\t<div class=\"fusion-rollover-sep\"><\/div>\n\t\t\t\t\n\t\t\t\t\t\t\t\t\t\t\t\t\t\t\t\t\t\t<a class=\"fusion-rollover-gallery\" href=\"https:\/\/absolwent.uek.krakow.pl\/wp-content\/uploads\/2025\/12\/bal-blekitny-wyrozniajacy.webp\" data-options=\"\" data-id=\"2078\" data-rel=\"iLightbox[gallery]\" data-title=\"bal-blekitny-wyrozniajacy\" data-caption=\"\">\n\t\t\t\t\t\tGallery\t\t\t\t\t<\/a>\n\t\t\t\t\t\t\t\t\t\t\t\t\t\t\n\t\t\n\t\t\t\t\t\t\t\t\n\t\t\t\t\t\t\t\t\n\t\t\n\t\t\t\t\t\t<a class=\"fusion-link-wrapper\" href=\"https:\/\/absolwent.uek.krakow.pl\/?p=2078\" aria-label=\"B\u0142\u0119kitny Bal Absolwent\u00f3w Uniwersytetu Ekonomicznego w Krakowie\"><\/a>\n\t<\/div>\n<\/div>\n<\/div>\n<\/li>\n\t\t\t\n\t\t\t\n\t\t\t\t\t\t\t\t\t\t\t\t\t\t\t\t\t\t\t\t\t\t\t\t\t\t\t\t\t\t\t\t\t\t\t\t\t\t\t\t\t\t\t\t\t\t\t\t\t\t\t\t\t\t\t\t\t\t\t\t\t\t\t\t\t\t\t\t<\/ul>\n\t<\/div>\n\t<div class=\"fusion-post-content post-content\"><h2 class=\"blog-shortcode-post-title entry-title\"><a href=\"https:\/\/absolwent.uek.krakow.pl\/?p=2078\">B\u0142\u0119kitny Bal Absolwent\u00f3w Uniwersytetu Ekonomicznego w Krakowie<\/a><\/h2><div class=\"fusion-post-content-container\"><p>Szanowni Pa\u0144stwo,\r\n\r\nZ prawdziw\u0105 rado\u015bci\u0105, po kilkuletniej przerwie, mamy zaszczyt zaprosi\u0107 Pa\u0144stwa do udzia\u0142u w Balu B\u0142\u0119kitnym 2026!<\/p><\/div><\/div><div class=\"fusion-clearfix\"><\/div><div class=\"fusion-meta-info\"><span class=\"vcard\" style=\"display: none;\"><span class=\"fn\"><a href=\"https:\/\/absolwent.uek.krakow.pl\/?author=4\" title=\"Wpisy od Jarek\" rel=\"author\">Jarek<\/a><\/span><\/span><span class=\"updated\" style=\"display:none;\">2026-01-13T12:53:07+01:00<\/span><div class=\"fusion-alignright\"><a class=\"fusion-read-more\" href=\"https:\/\/absolwent.uek.krakow.pl\/?p=2078\" aria-label=\"More on B\u0142\u0119kitny Bal Absolwent\u00f3w Uniwersytetu Ekonomicznego w Krakowie\">Czytaj dalej<\/a><\/div><\/div><\/article>\n<article id=\"blog-1-post-2107\" class=\"fusion-post-medium post-2107 post type-post status-publish format-standard has-post-thumbnail hentry category-aktualnosci\">\n\t<style type=\"text\/css\">\n\t\t\n\t\t\n\t\t\n\t\t\n\t\t\t<\/style>\n\n\n\t\t\t<div class=\"fusion-flexslider flexslider fusion-flexslider-loading fusion-post-slideshow\" style=\"\">\n\t\t<ul class=\"slides\">\n\t\t\t\n\t\t\t\t\t\t\t\t\t\t\t\t\t\t<li><div  class=\"fusion-image-wrapper fusion-image-size-fixed\" aria-haspopup=\"true\">\n\t\t\t\t<img decoding=\"async\" width=\"320\" height=\"202\" src=\"https:\/\/absolwent.uek.krakow.pl\/wp-content\/uploads\/2022\/05\/pieniadze-dabrowski-320x202.jpg\" class=\"attachment-blog-medium size-blog-medium wp-post-image\" alt=\"\" srcset=\"https:\/\/absolwent.uek.krakow.pl\/wp-content\/uploads\/2022\/05\/pieniadze-dabrowski-320x202.jpg 320w, https:\/\/absolwent.uek.krakow.pl\/wp-content\/uploads\/2022\/05\/pieniadze-dabrowski-700x441.jpg 700w\" sizes=\"(max-width: 320px) 100vw, 320px\" \/><div class=\"fusion-rollover\">\n\t<div class=\"fusion-rollover-content\">\n\n\t\t\t\t\t\t\t\t\t\t\t\t\t\t<a class=\"fusion-rollover-link\" href=\"https:\/\/absolwent.uek.krakow.pl\/?p=2107\">10-ty wyk\u0142ad nt. \u201ePolska na \u015bcie\u017cce przyj\u0119cia euro. Dylematy wprowadzenia wsp\u00f3lnej waluty&#8221;<\/a>\n\t\t\t\n\t\t\t\t\t\t\t\t\t\t\t\t\t\t\n\t\t\t\t\t\t\t\t\n\t\t\t\t\t\t\t\t\t\t\t\t\t<div class=\"fusion-rollover-sep\"><\/div>\n\t\t\t\t\n\t\t\t\t\t\t\t\t\t\t\t\t\t\t\t\t\t\t<a class=\"fusion-rollover-gallery\" href=\"https:\/\/absolwent.uek.krakow.pl\/wp-content\/uploads\/2022\/05\/pieniadze-dabrowski.jpg\" data-options=\"\" data-id=\"2107\" data-rel=\"iLightbox[gallery]\" data-title=\"pieniadze-dabrowski\" data-caption=\"\">\n\t\t\t\t\t\tGallery\t\t\t\t\t<\/a>\n\t\t\t\t\t\t\t\t\t\t\t\t\t\t\n\t\t\n\t\t\t\t\t\t\t\t\n\t\t\t\t\t\t\t\t\n\t\t\n\t\t\t\t\t\t<a class=\"fusion-link-wrapper\" href=\"https:\/\/absolwent.uek.krakow.pl\/?p=2107\" aria-label=\"10-ty wyk\u0142ad nt. \u201ePolska na \u015bcie\u017cce przyj\u0119cia euro. Dylematy wprowadzenia wsp\u00f3lnej waluty&#8221;\"><\/a>\n\t<\/div>\n<\/div>\n<\/div>\n<\/li>\n\t\t\t\n\t\t\t\n\t\t\t\t\t\t\t\t\t\t\t\t\t\t\t\t\t\t\t\t\t\t\t\t\t\t\t\t\t\t\t\t\t\t\t\t\t\t\t\t\t\t\t\t\t\t\t\t\t\t\t\t\t\t\t\t\t\t\t\t\t\t\t\t\t\t\t\t<\/ul>\n\t<\/div>\n\t<div class=\"fusion-post-content post-content\"><h2 class=\"blog-shortcode-post-title entry-title\"><a href=\"https:\/\/absolwent.uek.krakow.pl\/?p=2107\">10-ty wyk\u0142ad nt. \u201ePolska na \u015bcie\u017cce przyj\u0119cia euro. Dylematy wprowadzenia wsp\u00f3lnej waluty&#8221;<\/a><\/h2><div class=\"fusion-post-content-container\"><p>Dnia 20.11.2025 r. w Starej Auli odby\u0142 si\u0119 dziesi\u0105ty z cyklu wyk\u0142ad zorganizowany przez Stowarzyszenie Absolwent\u00f3w Uniwersytetu Ekonomicznego w Krakowie. Wyk\u0142ad pod tytu\u0142em \u201ePolska na \u015bcie\u017cce przyj\u0119cia euro. Dylematy wprowadzenia wsp\u00f3lnej waluty\u201d poprowadzi\u0142a prof. zw. dr hab. Maria Sierpi\u0144ska. <\/p><\/div><\/div><div class=\"fusion-clearfix\"><\/div><div class=\"fusion-meta-info\"><span class=\"vcard\" style=\"display: none;\"><span class=\"fn\"><a href=\"https:\/\/absolwent.uek.krakow.pl\/?author=4\" title=\"Wpisy od Jarek\" rel=\"author\">Jarek<\/a><\/span><\/span><span class=\"updated\" style=\"display:none;\">2025-12-02T10:44:14+01:00<\/span><div class=\"fusion-alignright\"><a class=\"fusion-read-more\" href=\"https:\/\/absolwent.uek.krakow.pl\/?p=2107\" aria-label=\"More on 10-ty wyk\u0142ad nt. \u201ePolska na \u015bcie\u017cce przyj\u0119cia euro. Dylematy wprowadzenia wsp\u00f3lnej waluty&#8221;\">Czytaj dalej<\/a><\/div><\/div><\/article>\n<article id=\"blog-1-post-2093\" class=\"fusion-post-medium post-2093 post type-post status-publish format-standard has-post-thumbnail hentry category-aktualnosci\">\n\t<style type=\"text\/css\">\n\t\t\n\t\t\n\t\t\n\t\t\n\t\t\t<\/style>\n\n\n\t\t\t<div class=\"fusion-flexslider flexslider fusion-flexslider-loading fusion-post-slideshow\" style=\"\">\n\t\t<ul class=\"slides\">\n\t\t\t\n\t\t\t\t\t\t\t\t\t\t\t\t\t\t<li><div  class=\"fusion-image-wrapper fusion-image-size-fixed\" aria-haspopup=\"true\">\n\t\t\t\t<img decoding=\"async\" width=\"320\" height=\"202\" src=\"https:\/\/absolwent.uek.krakow.pl\/wp-content\/uploads\/2016\/11\/home-slide-1-new-320x202.jpg\" class=\"attachment-blog-medium size-blog-medium wp-post-image\" alt=\"\" srcset=\"https:\/\/absolwent.uek.krakow.pl\/wp-content\/uploads\/2016\/11\/home-slide-1-new-320x202.jpg 320w, https:\/\/absolwent.uek.krakow.pl\/wp-content\/uploads\/2016\/11\/home-slide-1-new-700x441.jpg 700w\" sizes=\"(max-width: 320px) 100vw, 320px\" \/><div class=\"fusion-rollover\">\n\t<div class=\"fusion-rollover-content\">\n\n\t\t\t\t\t\t\t\t\t\t\t\t\t\t<a class=\"fusion-rollover-link\" href=\"https:\/\/absolwent.uek.krakow.pl\/?p=2093\">REGULAMIN OBRAD I WYBOR\u00d3W Walnego Zebrania Cz\u0142onk\u00f3w Stowarzyszenia Absolwent\u00f3w Uniwersytetu Ekonomicznego w Krakowie<\/a>\n\t\t\t\n\t\t\t\t\t\t\t\t\t\t\t\t\t\t\n\t\t\t\t\t\t\t\t\n\t\t\t\t\t\t\t\t\t\t\t\t\t<div class=\"fusion-rollover-sep\"><\/div>\n\t\t\t\t\n\t\t\t\t\t\t\t\t\t\t\t\t\t\t\t\t\t\t<a class=\"fusion-rollover-gallery\" href=\"https:\/\/absolwent.uek.krakow.pl\/wp-content\/uploads\/2016\/11\/home-slide-1-new.jpg\" data-options=\"\" data-id=\"2093\" data-rel=\"iLightbox[gallery]\" data-title=\"home-slide-1-new\" data-caption=\"\">\n\t\t\t\t\t\tGallery\t\t\t\t\t<\/a>\n\t\t\t\t\t\t\t\t\t\t\t\t\t\t\n\t\t\n\t\t\t\t\t\t\t\t\n\t\t\t\t\t\t\t\t\n\t\t\n\t\t\t\t\t\t<a class=\"fusion-link-wrapper\" href=\"https:\/\/absolwent.uek.krakow.pl\/?p=2093\" aria-label=\"REGULAMIN OBRAD I WYBOR\u00d3W Walnego Zebrania Cz\u0142onk\u00f3w Stowarzyszenia Absolwent\u00f3w Uniwersytetu Ekonomicznego w Krakowie\"><\/a>\n\t<\/div>\n<\/div>\n<\/div>\n<\/li>\n\t\t\t\n\t\t\t\n\t\t\t\t\t\t\t\t\t\t\t\t\t\t\t\t\t\t\t\t\t\t\t\t\t\t\t\t\t\t\t\t\t\t\t\t\t\t\t\t\t\t\t\t\t\t\t\t\t\t\t\t\t\t\t\t\t\t\t\t\t\t\t\t\t\t\t\t<\/ul>\n\t<\/div>\n\t<div class=\"fusion-post-content post-content\"><h2 class=\"blog-shortcode-post-title entry-title\"><a href=\"https:\/\/absolwent.uek.krakow.pl\/?p=2093\">REGULAMIN OBRAD I WYBOR\u00d3W Walnego Zebrania Cz\u0142onk\u00f3w Stowarzyszenia Absolwent\u00f3w Uniwersytetu Ekonomicznego w Krakowie<\/a><\/h2><div class=\"fusion-post-content-container\"><p>Walne Zebranie Cz\u0142onk\u00f3w Stowarzyszenia Absolwent\u00f3w Uniwersytetu Ekonomicznego w Krakowie \u2013 15 grudnia 2025 r.<\/p><\/div><\/div><div class=\"fusion-clearfix\"><\/div><div class=\"fusion-meta-info\"><span class=\"vcard\" style=\"display: none;\"><span class=\"fn\"><a href=\"https:\/\/absolwent.uek.krakow.pl\/?author=4\" title=\"Wpisy od Jarek\" rel=\"author\">Jarek<\/a><\/span><\/span><span class=\"updated\" style=\"display:none;\">2025-11-20T01:49:50+01:00<\/span><div class=\"fusion-alignright\"><a class=\"fusion-read-more\" href=\"https:\/\/absolwent.uek.krakow.pl\/?p=2093\" aria-label=\"More on REGULAMIN OBRAD I WYBOR\u00d3W Walnego Zebrania Cz\u0142onk\u00f3w Stowarzyszenia Absolwent\u00f3w Uniwersytetu Ekonomicznego w Krakowie\">Czytaj dalej<\/a><\/div><\/div><\/article>\n<article id=\"blog-1-post-2066\" class=\"fusion-post-medium post-2066 post type-post status-publish format-standard has-post-thumbnail hentry category-aktualnosci\">\n\t<style type=\"text\/css\">\n\t\t\n\t\t\n\t\t\n\t\t\n\t\t\t<\/style>\n\n\n\t\t\t<div class=\"fusion-flexslider flexslider fusion-flexslider-loading fusion-post-slideshow\" style=\"\">\n\t\t<ul class=\"slides\">\n\t\t\t\n\t\t\t\t\t\t\t\t\t\t\t\t\t\t<li><div  class=\"fusion-image-wrapper fusion-image-size-fixed\" aria-haspopup=\"true\">\n\t\t\t\t<img decoding=\"async\" width=\"320\" height=\"202\" src=\"https:\/\/absolwent.uek.krakow.pl\/wp-content\/uploads\/2016\/11\/home-slide-1-new-320x202.jpg\" class=\"attachment-blog-medium size-blog-medium wp-post-image\" alt=\"\" srcset=\"https:\/\/absolwent.uek.krakow.pl\/wp-content\/uploads\/2016\/11\/home-slide-1-new-320x202.jpg 320w, https:\/\/absolwent.uek.krakow.pl\/wp-content\/uploads\/2016\/11\/home-slide-1-new-700x441.jpg 700w\" sizes=\"(max-width: 320px) 100vw, 320px\" \/><div class=\"fusion-rollover\">\n\t<div class=\"fusion-rollover-content\">\n\n\t\t\t\t\t\t\t\t\t\t\t\t\t\t<a class=\"fusion-rollover-link\" href=\"https:\/\/absolwent.uek.krakow.pl\/?p=2066\">10-ty wyk\u0142ad nt. \u201ePolska na \u015bcie\u017cce przyj\u0119cia euro. Dylematy wprowadzenia wsp\u00f3lnej waluty&#8221;<\/a>\n\t\t\t\n\t\t\t\t\t\t\t\t\t\t\t\t\t\t\n\t\t\t\t\t\t\t\t\n\t\t\t\t\t\t\t\t\t\t\t\t\t<div class=\"fusion-rollover-sep\"><\/div>\n\t\t\t\t\n\t\t\t\t\t\t\t\t\t\t\t\t\t\t\t\t\t\t<a class=\"fusion-rollover-gallery\" href=\"https:\/\/absolwent.uek.krakow.pl\/wp-content\/uploads\/2016\/11\/home-slide-1-new.jpg\" data-options=\"\" data-id=\"2066\" data-rel=\"iLightbox[gallery]\" data-title=\"home-slide-1-new\" data-caption=\"\">\n\t\t\t\t\t\tGallery\t\t\t\t\t<\/a>\n\t\t\t\t\t\t\t\t\t\t\t\t\t\t\n\t\t\n\t\t\t\t\t\t\t\t\n\t\t\t\t\t\t\t\t\n\t\t\n\t\t\t\t\t\t<a class=\"fusion-link-wrapper\" href=\"https:\/\/absolwent.uek.krakow.pl\/?p=2066\" aria-label=\"10-ty wyk\u0142ad nt. \u201ePolska na \u015bcie\u017cce przyj\u0119cia euro. Dylematy wprowadzenia wsp\u00f3lnej waluty&#8221;\"><\/a>\n\t<\/div>\n<\/div>\n<\/div>\n<\/li>\n\t\t\t\n\t\t\t\n\t\t\t\t\t\t\t\t\t\t\t\t\t\t\t\t\t\t\t\t\t\t\t\t\t\t\t\t\t\t\t\t\t\t\t\t\t\t\t\t\t\t\t\t\t\t\t\t\t\t\t\t\t\t\t\t\t\t\t\t\t\t\t\t\t\t\t\t<\/ul>\n\t<\/div>\n\t<div class=\"fusion-post-content post-content\"><h2 class=\"blog-shortcode-post-title entry-title\"><a href=\"https:\/\/absolwent.uek.krakow.pl\/?p=2066\">10-ty wyk\u0142ad nt. \u201ePolska na \u015bcie\u017cce przyj\u0119cia euro. Dylematy wprowadzenia wsp\u00f3lnej waluty&#8221;<\/a><\/h2><div class=\"fusion-post-content-container\"><p>Zapraszamy na 10-ty wyk\u0142ad nt. \u201ePolska na \u015bcie\u017cce przyj\u0119cia euro. Dylematy wprowadzenia wsp\u00f3lnej waluty\", kt\u00f3ry wyg\u0142osi Pani Profesor zw. Maria Sierpi\u0144ska. Wyk\u0142ad odb\u0119dzie si\u0119 20.listopada 2025r. (czwartek) w Starej Auli ( Bud. G\u0142\u00f3wny ) o godz. 17.00.  <\/p><\/div><\/div><div class=\"fusion-clearfix\"><\/div><div class=\"fusion-meta-info\"><span class=\"vcard\" style=\"display: none;\"><span class=\"fn\"><a href=\"https:\/\/absolwent.uek.krakow.pl\/?author=4\" title=\"Wpisy od Jarek\" rel=\"author\">Jarek<\/a><\/span><\/span><span class=\"updated\" style=\"display:none;\">2025-10-29T09:07:27+01:00<\/span><div class=\"fusion-alignright\"><a class=\"fusion-read-more\" href=\"https:\/\/absolwent.uek.krakow.pl\/?p=2066\" aria-label=\"More on 10-ty wyk\u0142ad nt. \u201ePolska na \u015bcie\u017cce przyj\u0119cia euro. Dylematy wprowadzenia wsp\u00f3lnej waluty&#8221;\">Czytaj dalej<\/a><\/div><\/div><\/article>\n<article id=\"blog-1-post-2050\" class=\"fusion-post-medium post-2050 post type-post status-publish format-standard has-post-thumbnail hentry category-aktualnosci\">\n\t<style type=\"text\/css\">\n\t\t\n\t\t\n\t\t\n\t\t\n\t\t\t<\/style>\n\n\n\t\t\t<div class=\"fusion-flexslider flexslider fusion-flexslider-loading fusion-post-slideshow\" style=\"\">\n\t\t<ul class=\"slides\">\n\t\t\t\n\t\t\t\t\t\t\t\t\t\t\t\t\t\t<li><div  class=\"fusion-image-wrapper fusion-image-size-fixed\" aria-haspopup=\"true\">\n\t\t\t\t<img decoding=\"async\" width=\"320\" height=\"202\" src=\"https:\/\/absolwent.uek.krakow.pl\/wp-content\/uploads\/2023\/05\/absolwent-kondolencje-320x202.webp\" class=\"attachment-blog-medium size-blog-medium wp-post-image\" alt=\"\" srcset=\"https:\/\/absolwent.uek.krakow.pl\/wp-content\/uploads\/2023\/05\/absolwent-kondolencje-320x202.webp 320w, https:\/\/absolwent.uek.krakow.pl\/wp-content\/uploads\/2023\/05\/absolwent-kondolencje-700x441.webp 700w\" sizes=\"(max-width: 320px) 100vw, 320px\" \/><div class=\"fusion-rollover\">\n\t<div class=\"fusion-rollover-content\">\n\n\t\t\t\t\t\t\t\t\t\t\t\t\t\t<a class=\"fusion-rollover-link\" href=\"https:\/\/absolwent.uek.krakow.pl\/?p=2050\">Naszej Kole\u017cance Pani dr Marzenie Piszczek<\/a>\n\t\t\t\n\t\t\t\t\t\t\t\t\t\t\t\t\t\t\n\t\t\t\t\t\t\t\t\n\t\t\t\t\t\t\t\t\t\t\t\t\t<div class=\"fusion-rollover-sep\"><\/div>\n\t\t\t\t\n\t\t\t\t\t\t\t\t\t\t\t\t\t\t\t\t\t\t<a class=\"fusion-rollover-gallery\" href=\"https:\/\/absolwent.uek.krakow.pl\/wp-content\/uploads\/2023\/05\/absolwent-kondolencje.webp\" data-options=\"\" data-id=\"2050\" data-rel=\"iLightbox[gallery]\" data-title=\"absolwent-kondolencje\" data-caption=\"\">\n\t\t\t\t\t\tGallery\t\t\t\t\t<\/a>\n\t\t\t\t\t\t\t\t\t\t\t\t\t\t\n\t\t\n\t\t\t\t\t\t\t\t\n\t\t\t\t\t\t\t\t\n\t\t\n\t\t\t\t\t\t<a class=\"fusion-link-wrapper\" href=\"https:\/\/absolwent.uek.krakow.pl\/?p=2050\" aria-label=\"Naszej Kole\u017cance Pani dr Marzenie Piszczek\"><\/a>\n\t<\/div>\n<\/div>\n<\/div>\n<\/li>\n\t\t\t\n\t\t\t\n\t\t\t\t\t\t\t\t\t\t\t\t\t\t\t\t\t\t\t\t\t\t\t\t\t\t\t\t\t\t\t\t\t\t\t\t\t\t\t\t\t\t\t\t\t\t\t\t\t\t\t\t\t\t\t\t\t\t\t\t\t\t\t\t\t\t\t\t<\/ul>\n\t<\/div>\n\t<div class=\"fusion-post-content post-content\"><h2 class=\"blog-shortcode-post-title entry-title\"><a href=\"https:\/\/absolwent.uek.krakow.pl\/?p=2050\">Naszej Kole\u017cance Pani dr Marzenie Piszczek<\/a><\/h2><div class=\"fusion-post-content-container\"><p>1 - szej wiceprezes Stowarzyszenia Absolwent\u00f3w UEK wyrazy szczerego wsp\u00f3\u0142czucia z powodu \u015bmierci Mamy  sk\u0142adaj\u0105 Cz\u0142onkowie Zarz\u0105du i Stowarzyszenia Absolwent\u00f3w Uniwersytetu Ekonomicznego w Krakowie               \u00a0 [...]<\/p><\/div><\/div><div class=\"fusion-clearfix\"><\/div><div class=\"fusion-meta-info\"><span class=\"vcard\" style=\"display: none;\"><span class=\"fn\"><a href=\"https:\/\/absolwent.uek.krakow.pl\/?author=4\" title=\"Wpisy od Jarek\" rel=\"author\">Jarek<\/a><\/span><\/span><span class=\"updated\" style=\"display:none;\">2025-08-20T11:17:36+02:00<\/span><div class=\"fusion-alignright\"><a class=\"fusion-read-more\" href=\"https:\/\/absolwent.uek.krakow.pl\/?p=2050\" aria-label=\"More on Naszej Kole\u017cance Pani dr Marzenie Piszczek\">Czytaj dalej<\/a><\/div><\/div><\/article>\n<article id=\"blog-1-post-2040\" class=\"fusion-post-medium post-2040 post type-post status-publish format-standard has-post-thumbnail hentry category-aktualnosci\">\n\t<style type=\"text\/css\">\n\t\t\n\t\t\n\t\t\n\t\t\n\t\t\t<\/style>\n\n\n\t\t\t<div class=\"fusion-flexslider flexslider fusion-flexslider-loading fusion-post-slideshow\" style=\"\">\n\t\t<ul class=\"slides\">\n\t\t\t\n\t\t\t\t\t\t\t\t\t\t\t\t\t\t<li><div  class=\"fusion-image-wrapper fusion-image-size-fixed\" aria-haspopup=\"true\">\n\t\t\t\t<img decoding=\"async\" width=\"320\" height=\"202\" src=\"https:\/\/absolwent.uek.krakow.pl\/wp-content\/uploads\/2025\/05\/absolwent-senior-320x202.webp\" class=\"attachment-blog-medium size-blog-medium wp-post-image\" alt=\"\" srcset=\"https:\/\/absolwent.uek.krakow.pl\/wp-content\/uploads\/2025\/05\/absolwent-senior-320x202.webp 320w, https:\/\/absolwent.uek.krakow.pl\/wp-content\/uploads\/2025\/05\/absolwent-senior-700x441.webp 700w\" sizes=\"(max-width: 320px) 100vw, 320px\" \/><div class=\"fusion-rollover\">\n\t<div class=\"fusion-rollover-content\">\n\n\t\t\t\t\t\t\t\t\t\t\t\t\t\t<a class=\"fusion-rollover-link\" href=\"https:\/\/absolwent.uek.krakow.pl\/?p=2040\">\u201eJak zapewni\u0107 sobie successful ageing?\u201d \u2013 wyk\u0142ad prof. Tomasza Grodzickiego<\/a>\n\t\t\t\n\t\t\t\t\t\t\t\t\t\t\t\t\t\t\n\t\t\t\t\t\t\t\t\n\t\t\t\t\t\t\t\t\t\t\t\t\t<div class=\"fusion-rollover-sep\"><\/div>\n\t\t\t\t\n\t\t\t\t\t\t\t\t\t\t\t\t\t\t\t\t\t\t<a class=\"fusion-rollover-gallery\" href=\"https:\/\/absolwent.uek.krakow.pl\/wp-content\/uploads\/2025\/05\/absolwent-senior.webp\" data-options=\"\" data-id=\"2040\" data-rel=\"iLightbox[gallery]\" data-title=\"absolwent-senior\" data-caption=\"\">\n\t\t\t\t\t\tGallery\t\t\t\t\t<\/a>\n\t\t\t\t\t\t\t\t\t\t\t\t\t\t\n\t\t\n\t\t\t\t\t\t\t\t\n\t\t\t\t\t\t\t\t\n\t\t\n\t\t\t\t\t\t<a class=\"fusion-link-wrapper\" href=\"https:\/\/absolwent.uek.krakow.pl\/?p=2040\" aria-label=\"\u201eJak zapewni\u0107 sobie successful ageing?\u201d \u2013 wyk\u0142ad prof. Tomasza Grodzickiego\"><\/a>\n\t<\/div>\n<\/div>\n<\/div>\n<\/li>\n\t\t\t\n\t\t\t\n\t\t\t\t\t\t\t\t\t\t\t\t\t\t\t\t\t\t\t\t\t\t\t\t\t\t\t\t\t\t\t\t\t\t\t\t\t\t\t\t\t\t\t\t\t\t\t\t\t\t\t\t\t\t\t\t\t\t\t\t\t\t\t\t\t\t\t\t<\/ul>\n\t<\/div>\n\t<div class=\"fusion-post-content post-content\"><h2 class=\"blog-shortcode-post-title entry-title\"><a href=\"https:\/\/absolwent.uek.krakow.pl\/?p=2040\">\u201eJak zapewni\u0107 sobie successful ageing?\u201d \u2013 wyk\u0142ad prof. Tomasza Grodzickiego<\/a><\/h2><div class=\"fusion-post-content-container\"><p>W dniu 04.06.2025 nasze Stowarzyszenie zorganizowa\u0142o w ramach wyk\u0142ad\u00f3w otwartych, seminarium z Panem <b>prof. Tomaszem Grodzickim<\/b> z Collegium Medicum Uniwersytetu Jagiello\u0144skiego w Krakowie na temat: \u201eJak zapewni\u0107 sobie successful ageing?\u201d.   <\/p><\/div><\/div><div class=\"fusion-clearfix\"><\/div><div class=\"fusion-meta-info\"><span class=\"vcard\" style=\"display: none;\"><span class=\"fn\"><a href=\"https:\/\/absolwent.uek.krakow.pl\/?author=4\" title=\"Wpisy od Jarek\" rel=\"author\">Jarek<\/a><\/span><\/span><span class=\"updated\" style=\"display:none;\">2025-06-26T15:22:23+02:00<\/span><div class=\"fusion-alignright\"><a class=\"fusion-read-more\" href=\"https:\/\/absolwent.uek.krakow.pl\/?p=2040\" aria-label=\"More on \u201eJak zapewni\u0107 sobie successful ageing?\u201d \u2013 wyk\u0142ad prof. Tomasza Grodzickiego\">Czytaj dalej<\/a><\/div><\/div><\/article>\n<\/div><div class=\"pagination clearfix\"><span class=\"current\">1<\/span><a href=\"https:\/\/absolwent.uek.krakow.pl\/index.php?rest_route=%2Fwp%2Fv2%2Fpages%2F1434&#038;paged=2\" class=\"inactive\">2<\/a><a class=\"pagination-next\" rel=\"next\" href=\"https:\/\/absolwent.uek.krakow.pl\/index.php?rest_route=%2Fwp%2Fv2%2Fpages%2F1434&#038;paged=2\"><span class=\"page-text\">Kolejny<\/span><span class=\"page-next\"><\/span><\/a><\/div><div class=\"fusion-clearfix\"><\/div><\/div><\/div><\/div><\/div><\/div>\n","protected":false},"excerpt":{"rendered":"","protected":false},"author":4,"featured_media":0,"parent":0,"menu_order":0,"comment_status":"closed","ping_status":"closed","template":"100-width.php","meta":{"footnotes":""},"class_list":["post-1434","page","type-page","status-publish","hentry"],"_links":{"self":[{"href":"https:\/\/absolwent.uek.krakow.pl\/index.php?rest_route=\/wp\/v2\/pages\/1434","targetHints":{"allow":["GET"]}}],"collection":[{"href":"https:\/\/absolwent.uek.krakow.pl\/index.php?rest_route=\/wp\/v2\/pages"}],"about":[{"href":"https:\/\/absolwent.uek.krakow.pl\/index.php?rest_route=\/wp\/v2\/types\/page"}],"author":[{"embeddable":true,"href":"https:\/\/absolwent.uek.krakow.pl\/index.php?rest_route=\/wp\/v2\/users\/4"}],"replies":[{"embeddable":true,"href":"https:\/\/absolwent.uek.krakow.pl\/index.php?rest_route=%2Fwp%2Fv2%2Fcomments&post=1434"}],"version-history":[{"count":12,"href":"https:\/\/absolwent.uek.krakow.pl\/index.php?rest_route=\/wp\/v2\/pages\/1434\/revisions"}],"predecessor-version":[{"id":1574,"href":"https:\/\/absolwent.uek.krakow.pl\/index.php?rest_route=\/wp\/v2\/pages\/1434\/revisions\/1574"}],"wp:attachment":[{"href":"https:\/\/absolwent.uek.krakow.pl\/index.php?rest_route=%2Fwp%2Fv2%2Fmedia&parent=1434"}],"curies":[{"name":"wp","href":"https:\/\/api.w.org\/{rel}","templated":true}]}}